{"version":"1.0","provider_name":"AGACA","provider_url":"https:\/\/agaca.coop\/gl\/","title":"Ram\u00f3n Armengol reelexido presidente da COGECA - AGACA","type":"rich","width":600,"height":338,"html":"<blockquote class=\"wp-embedded-content\" data-secret=\"ibCTmElkxm\"><a href=\"https:\/\/agaca.coop\/gl\/ramon-armengol-reelexido-presidente-da-cogeca\/\">Ram\u00f3n Armengol reelexido presidente da  COGECA<\/a><\/blockquote><iframe sandbox=\"allow-scripts\" security=\"restricted\" src=\"https:\/\/agaca.coop\/gl\/ramon-armengol-reelexido-presidente-da-cogeca\/embed\/#?secret=ibCTmElkxm\" width=\"600\" height=\"338\" title=\"&#8220;Ram\u00f3n Armengol reelexido presidente da  COGECA&#8221; &#8212; AGACA\" data-secret=\"ibCTmElkxm\" frameborder=\"0\" marginwidth=\"0\" marginheight=\"0\" scrolling=\"no\" class=\"wp-embedded-content\"><\/iframe><script type=\"text\/javascript\">\n\/* <![CDATA[ *\/\n\/*! This file is auto-generated *\/\n!function(d,l){\"use strict\";l.querySelector&&d.addEventListener&&\"undefined\"!=typeof URL&&(d.wp=d.wp||{},d.wp.receiveEmbedMessage||(d.wp.receiveEmbedMessage=function(e){var t=e.data;if((t||t.secret||t.message||t.value)&&!\/[^a-zA-Z0-9]\/.test(t.secret)){for(var s,r,n,a=l.querySelectorAll('iframe[data-secret=\"'+t.secret+'\"]'),o=l.querySelectorAll('blockquote[data-secret=\"'+t.secret+'\"]'),c=new RegExp(\"^https?:$\",\"i\"),i=0;i<o.length;i++)o[i].style.display=\"none\";for(i=0;i<a.length;i++)s=a[i],e.source===s.contentWindow&&(s.removeAttribute(\"style\"),\"height\"===t.message?(1e3<(r=parseInt(t.value,10))?r=1e3:~~r<200&&(r=200),s.height=r):\"link\"===t.message&&(r=new URL(s.getAttribute(\"src\")),n=new URL(t.value),c.test(n.protocol))&&n.host===r.host&&l.activeElement===s&&(d.top.location.href=t.value))}},d.addEventListener(\"message\",d.wp.receiveEmbedMessage,!1),l.addEventListener(\"DOMContentLoaded\",function(){for(var e,t,s=l.querySelectorAll(\"iframe.wp-embedded-content\"),r=0;r<s.length;r++)(t=(e=s[r]).getAttribute(\"data-secret\"))||(t=Math.random().toString(36).substring(2,12),e.src+=\"#?secret=\"+t,e.setAttribute(\"data-secret\",t)),e.contentWindow.postMessage({message:\"ready\",secret:t},\"*\")},!1)))}(window,document);\n\/\/# sourceURL=https:\/\/agaca.coop\/wp-includes\/js\/wp-embed.min.js\n\/* ]]> *\/\n<\/script>\n","thumbnail_url":"https:\/\/agaca.coop\/wp-content\/uploads\/2022\/09\/Ramon_Armengol_cogega-2-scaled.jpg","thumbnail_width":2435,"thumbnail_height":2560,"description":"El Pres\u00eddium de la COGECA ha acordado por unanimidad prorrogar por un a\u00f1o m\u00e1s el mandato de Ram\u00f3n Armengol como presidente de las cooperativas agroalimentarias europeas, cargo que ocupa desde enero de 2020 y que estaba previsto finalizar\u00e1 a finales de este a\u00f1o."}